{"id":1286,"date":"2024-01-25T13:36:55","date_gmt":"2024-01-25T12:36:55","guid":{"rendered":"https:\/\/vertebral.cat\/fisioterapia-neurologica\/"},"modified":"2024-11-19T13:09:20","modified_gmt":"2024-11-19T12:09:20","slug":"fisioterapia-neurologica","status":"publish","type":"page","link":"https:\/\/vertebral.cat\/es\/fisioterapia\/fisioterapia-neurologica\/","title":{"rendered":"Fisioterapia neurol\u00f3gica"},"content":{"rendered":"<div  class='flex_column av-1sbg0j-8a891716256de139f45e128651967fe9 av_one_full  avia-builder-el-0  avia-builder-el-no-sibling  first flex_column_div  '     ><\/div>\n<div  class='flex_column av-av_one_fifth-c68a83b15b0e343459e287303c8793d5 av_one_fifth first flex_column_div  '     ><\/div>\n<div  class='flex_column av-av_three_fifth-02025747ca2bebbd7502c71ac681b8f2 av_three_fifth flex_column_div  '     ><p>\n<style type=\"text\/css\" data-created_by=\"avia_inline_auto\" id=\"style-css-av-m3oeven9-a2da914e38909e172e99c75045e8458b\">\n#top .av-special-heading.av-m3oeven9-a2da914e38909e172e99c75045e8458b{\npadding-bottom:0;\n}\nbody .av-special-heading.av-m3oeven9-a2da914e38909e172e99c75045e8458b .av-special-heading-tag .heading-char{\nfont-size:25px;\n}\n.av-special-heading.av-m3oeven9-a2da914e38909e172e99c75045e8458b .av-subheading{\nfont-size:15px;\n}\n<\/style>\n<div  class='av-special-heading av-m3oeven9-a2da914e38909e172e99c75045e8458b av-special-heading-h1 blockquote modern-quote modern-centered'><h1 class='av-special-heading-tag '  itemprop=\"headline\"  >Fisioterapia neurol\u00f3gica<\/h1><div class=\"special-heading-border\"><div class=\"special-heading-inner-border\"><\/div><\/div><\/div><br \/>\n\n<style type=\"text\/css\" data-created_by=\"avia_inline_auto\" id=\"style-css-av-av_hr-2ee5c6ee407d26c4c54abf3d5fa0a94b\">\n#top .hr.av-av_hr-2ee5c6ee407d26c4c54abf3d5fa0a94b{\nmargin-top:0px;\nmargin-bottom:5px;\n}\n.hr.av-av_hr-2ee5c6ee407d26c4c54abf3d5fa0a94b .hr-inner{\nwidth:50px;\nborder-color:#ab798c;\n}\n<\/style>\n<div  class='hr av-av_hr-2ee5c6ee407d26c4c54abf3d5fa0a94b hr-custom hr-center hr-icon-no'><span class='hr-inner inner-border-av-border-fat'><span class=\"hr-inner-style\"><\/span><\/span><\/div><br \/>\n<section  class='av_textblock_section av-m3oevn69-9d51dfcb751f244ed157d101a4c653f9 '   itemscope=\"itemscope\" itemtype=\"https:\/\/schema.org\/CreativeWork\" ><div class='avia_textblock'  itemprop=\"text\" ><p style=\"text-align: center;\">Enfocada en mejorar la calidad de vida de personas con afectaciones neurol\u00f3gicas como ictus, Parkinson o esclerosis m\u00faltiple, trabajando la movilidad y la funcionalidad.<\/p>\n<\/div><\/section><\/p><\/div>\n<div  class='flex_column av-av_one_fifth-02025747ca2bebbd7502c71ac681b8f2 av_one_fifth flex_column_div  '     ><\/div>\n<\/div><\/div><\/div><!-- close content main div --><\/div><\/div><div id='av_section_1'  class='avia-section av-1ezf5f-35bf0b5e13c3fa0396e1e1bce6de2a88 main_color avia-section-default avia-no-border-styling avia-bg-style-scroll container_wrap fullsize'  ><div class='container av-section-cont-open' ><div class='template-page content  av-content-full alpha units'><div class='post-entry post-entry-type-page post-entry-1286'><div class='entry-content-wrapper clearfix'>\n<div  class='flex_column av-16gwff-1351676bd1572d065c38fb650dbf8ae1 av_one_half first no_margin flex_column_div  '     ><style type=\"text\/css\" data-created_by=\"avia_inline_auto\" id=\"style-css-av-lrjqi1zp-5d24b78e1391f6ff3245fbc3ac7c8574\">\n.avia-image-container.av-lrjqi1zp-5d24b78e1391f6ff3245fbc3ac7c8574 img.avia_image{\nbox-shadow:none;\n}\n.avia-image-container.av-lrjqi1zp-5d24b78e1391f6ff3245fbc3ac7c8574 .av-image-caption-overlay-center{\ncolor:#ffffff;\n}\n<\/style>\n<div  class='avia-image-container av-lrjqi1zp-5d24b78e1391f6ff3245fbc3ac7c8574 av-styling- avia-align-center'   itemprop=\"image\" itemscope=\"itemscope\" itemtype=\"https:\/\/schema.org\/ImageObject\" ><div class=\"avia-image-container-inner\"><div class=\"avia-image-overlay-wrap\"><img decoding=\"async\" fetchpriority=\"high\" class='wp-image-1261 avia-img-lazy-loading-not-1261 avia_image ' src=\"https:\/\/vertebral.cat\/wp-content\/uploads\/2024\/01\/Vertebral-Centre-de-Salut-49-700x700.jpg\" alt='centre de fisioter\u00e0pia vertebral Berga' title='centre de fisioter\u00e0pia vertebral Berga'  height=\"700\" width=\"700\"  itemprop=\"thumbnailUrl\" srcset=\"https:\/\/vertebral.cat\/wp-content\/uploads\/2024\/01\/Vertebral-Centre-de-Salut-49-700x700.jpg 700w, https:\/\/vertebral.cat\/wp-content\/uploads\/2024\/01\/Vertebral-Centre-de-Salut-49-80x80.jpg 80w, https:\/\/vertebral.cat\/wp-content\/uploads\/2024\/01\/Vertebral-Centre-de-Salut-49-36x36.jpg 36w\" sizes=\"(max-width: 700px) 100vw, 700px\" \/><\/div><\/div><\/div><\/div>\n<style type=\"text\/css\" data-created_by=\"avia_inline_auto\" id=\"style-css-av-10xszn-e5cb96912c568babea670e078c56721c\">\n.flex_column.av-10xszn-e5cb96912c568babea670e078c56721c{\npadding:35px 0 0 50px;\n}\n<\/style>\n<div  class='flex_column av-10xszn-e5cb96912c568babea670e078c56721c av_one_half no_margin flex_column_div  '     ><p>\n<style type=\"text\/css\" data-created_by=\"avia_inline_auto\" id=\"style-css-av-lrjqcayo-8a0b31a9e5c80d5d5696c6b37f3be6cb\">\n#top .av-special-heading.av-lrjqcayo-8a0b31a9e5c80d5d5696c6b37f3be6cb{\nmargin:0px 0px 0px 0px;\npadding-bottom:0px;\n}\nbody .av-special-heading.av-lrjqcayo-8a0b31a9e5c80d5d5696c6b37f3be6cb .av-special-heading-tag .heading-char{\nfont-size:25px;\n}\n#top #wrap_all .av-special-heading.av-lrjqcayo-8a0b31a9e5c80d5d5696c6b37f3be6cb .av-special-heading-tag{\npadding:0px 0px 0px 0px;\n}\n.av-special-heading.av-lrjqcayo-8a0b31a9e5c80d5d5696c6b37f3be6cb .av-subheading{\nfont-size:15px;\n}\n<\/style>\n<div  class='av-special-heading av-lrjqcayo-8a0b31a9e5c80d5d5696c6b37f3be6cb av-special-heading-h2 blockquote modern-quote'><h2 class='av-special-heading-tag '  itemprop=\"headline\"  >Fisioterapia neurol\u00f3gica<\/h2><div class=\"special-heading-border\"><div class=\"special-heading-inner-border\"><\/div><\/div><\/div><br \/>\n\n<style type=\"text\/css\" data-created_by=\"avia_inline_auto\" id=\"style-css-av-ud78r-262cc6bf36fb96fabbd129209d154fd6\">\n#top .hr.av-ud78r-262cc6bf36fb96fabbd129209d154fd6{\nmargin-top:0px;\nmargin-bottom:15px;\n}\n.hr.av-ud78r-262cc6bf36fb96fabbd129209d154fd6 .hr-inner{\nwidth:50px;\nborder-color:#ab798c;\n}\n<\/style>\n<div  class='hr av-ud78r-262cc6bf36fb96fabbd129209d154fd6 hr-custom hr-left hr-icon-no'><span class='hr-inner inner-border-av-border-fat'><span class=\"hr-inner-style\"><\/span><\/span><\/div><br \/>\n<section  class='av_textblock_section av-lrjqcqou-4c54dd830399d04b16e6f58b1c253ef8 '   itemscope=\"itemscope\" itemtype=\"https:\/\/schema.org\/CreativeWork\" ><div class='avia_textblock'  itemprop=\"text\" ><p>La fisioterapia neurol\u00f3gica es una especialidad de la fisioterapia que utiliza un conjunto de t\u00e9cnicas para tratar las diferentes patolog\u00edas neurol\u00f3gicas centrales y\/o perif\u00e9ricas.<\/p>\n<p>El objetivo principal es devolver, en la medida de lo posible, la movilidad normal a aquellos pacientes que hayan sufrido un trastorno sensitivo-motor. Esto se realizar\u00e1, fundamentalmente, mediante la <strong>inhibici\u00f3n de patrones reflejos anormales de movimiento<\/strong> y facilitando, al mismo tiempo, patrones de movimiento normal.<\/p>\n<\/div><\/section><br \/>\n\n<style type=\"text\/css\" data-created_by=\"avia_inline_auto\" id=\"style-css-av-lrjqlpul-6ee940ed01ff1db23af342040f68b7f4\">\n#top .hr.hr-invisible.av-lrjqlpul-6ee940ed01ff1db23af342040f68b7f4{\nheight:30px;\n}\n<\/style>\n<div  class='hr av-lrjqlpul-6ee940ed01ff1db23af342040f68b7f4 hr-invisible'><span class='hr-inner '><span class=\"hr-inner-style\"><\/span><\/span><\/div><br \/>\n\n<style type=\"text\/css\" data-created_by=\"avia_inline_auto\" id=\"style-css-av-lrjqem6c-6f87b65cca2222836f0a50aacdf98f42\">\n#top .av-special-heading.av-lrjqem6c-6f87b65cca2222836f0a50aacdf98f42{\nmargin:0px 0px 0px 0px;\npadding-bottom:0px;\n}\nbody .av-special-heading.av-lrjqem6c-6f87b65cca2222836f0a50aacdf98f42 .av-special-heading-tag .heading-char{\nfont-size:25px;\n}\n#top #wrap_all .av-special-heading.av-lrjqem6c-6f87b65cca2222836f0a50aacdf98f42 .av-special-heading-tag{\npadding:0px 0px 0px 0px;\n}\n.av-special-heading.av-lrjqem6c-6f87b65cca2222836f0a50aacdf98f42 .av-subheading{\nfont-size:15px;\n}\n<\/style>\n<div  class='av-special-heading av-lrjqem6c-6f87b65cca2222836f0a50aacdf98f42 av-special-heading-h2 blockquote modern-quote'><h2 class='av-special-heading-tag '  itemprop=\"headline\"  >\u00bfQu\u00e9 es la neurorehabilitaci\u00f3n?<\/h2><div class=\"special-heading-border\"><div class=\"special-heading-inner-border\"><\/div><\/div><\/div><br \/>\n\n<style type=\"text\/css\" data-created_by=\"avia_inline_auto\" id=\"style-css-av-rtm6b-426860b6d5c35837ed33304526c4249e\">\n#top .hr.av-rtm6b-426860b6d5c35837ed33304526c4249e{\nmargin-top:0px;\nmargin-bottom:15px;\n}\n.hr.av-rtm6b-426860b6d5c35837ed33304526c4249e .hr-inner{\nwidth:50px;\nborder-color:#ab798c;\n}\n<\/style>\n<div  class='hr av-rtm6b-426860b6d5c35837ed33304526c4249e hr-custom hr-left hr-icon-no'><span class='hr-inner inner-border-av-border-fat'><span class=\"hr-inner-style\"><\/span><\/span><\/div><br \/>\n<section  class='av_textblock_section av-lrjqf08l-caaa67e29bdf3f5691f92de5674db380 '   itemscope=\"itemscope\" itemtype=\"https:\/\/schema.org\/CreativeWork\" ><div class='avia_textblock'  itemprop=\"text\" ><p>LA NEUROREHABILITACI\u00d3N a partir de diferentes t\u00e9cnicas espec\u00edficas, ayuda a recuperar la funcionalidad del cuerpo, a partir de la neuroplasticidad cerebral, reeducando el movimiento y la marcha para poder realizar las actividades de la vida diaria con la m\u00e1xima autonom\u00eda posible.<\/p>\n<\/div><\/section><\/p><\/div><div class='av-column-wrapper-individual av-mobile-columns-flex av-columns-reverse'>\n<style type=\"text\/css\" data-created_by=\"avia_inline_auto\" id=\"style-css-av-kquvn-99fe2fc2e30ed9c8f2ea6335fa159add\">\n.flex_column.av-kquvn-99fe2fc2e30ed9c8f2ea6335fa159add{\npadding:35px 50px 0 0;\n}\n<\/style>\n<div  class='flex_column av-kquvn-99fe2fc2e30ed9c8f2ea6335fa159add av_one_full first no_margin flex_column_div  '     ><p>\n<style type=\"text\/css\" data-created_by=\"avia_inline_auto\" id=\"style-css-av-evhb7-8facd01942e9c6eec1582b9ddbc0b6de\">\n#top .hr.hr-invisible.av-evhb7-8facd01942e9c6eec1582b9ddbc0b6de{\nheight:30px;\n}\n<\/style>\n<div  class='hr av-evhb7-8facd01942e9c6eec1582b9ddbc0b6de hr-invisible'><span class='hr-inner '><span class=\"hr-inner-style\"><\/span><\/span><\/div><br \/>\n\n<style type=\"text\/css\" data-created_by=\"avia_inline_auto\" id=\"style-css-av-lrjqilen-5451ab743d57ac8503ab79cd660acd54\">\n#top .av-special-heading.av-lrjqilen-5451ab743d57ac8503ab79cd660acd54{\nmargin:0px 0px 0px 0px;\npadding-bottom:0px;\n}\nbody .av-special-heading.av-lrjqilen-5451ab743d57ac8503ab79cd660acd54 .av-special-heading-tag .heading-char{\nfont-size:25px;\n}\n#top #wrap_all .av-special-heading.av-lrjqilen-5451ab743d57ac8503ab79cd660acd54 .av-special-heading-tag{\npadding:0px 0px 0px 0px;\n}\n.av-special-heading.av-lrjqilen-5451ab743d57ac8503ab79cd660acd54 .av-subheading{\nfont-size:15px;\n}\n<\/style>\n<div  class='av-special-heading av-lrjqilen-5451ab743d57ac8503ab79cd660acd54 av-special-heading-h2 blockquote modern-quote'><h2 class='av-special-heading-tag '  itemprop=\"headline\"  >Patolog\u00edas donde la neurorehabilitaci\u00f3n es importante<\/h2><div class=\"special-heading-border\"><div class=\"special-heading-inner-border\"><\/div><\/div><\/div><br \/>\n\n<style type=\"text\/css\" data-created_by=\"avia_inline_auto\" id=\"style-css-av-lrjqlamd-840a2a6764a196efb3622d7792534ac7\">\n#top .hr.av-lrjqlamd-840a2a6764a196efb3622d7792534ac7{\nmargin-top:0px;\nmargin-bottom:15px;\n}\n.hr.av-lrjqlamd-840a2a6764a196efb3622d7792534ac7 .hr-inner{\nwidth:50px;\nborder-color:#ab798c;\n}\n<\/style>\n<div  class='hr av-lrjqlamd-840a2a6764a196efb3622d7792534ac7 hr-custom hr-left hr-icon-no'><span class='hr-inner inner-border-av-border-fat'><span class=\"hr-inner-style\"><\/span><\/span><\/div><\/p><\/div><\/div><!--close flex column wrapper. Autoclose: 1 --><div class='av-column-wrapper-individual av-mobile-columns-flex av-columns-reverse'>\n<style type=\"text\/css\" data-created_by=\"avia_inline_auto\" id=\"style-css-av-lrjqnwfx-8ecd26bbd122e1b38d5ac1b156f17b73\">\n#top .flex_column.av-lrjqnwfx-8ecd26bbd122e1b38d5ac1b156f17b73{\nmargin-top:0px;\nmargin-bottom:0px;\n}\n.flex_column.av-lrjqnwfx-8ecd26bbd122e1b38d5ac1b156f17b73{\nwidth:47%;\npadding:0 0 0 0;\n}\n.responsive #top #wrap_all .flex_column.av-lrjqnwfx-8ecd26bbd122e1b38d5ac1b156f17b73{\nmargin-top:0px;\nmargin-bottom:0px;\n}\n<\/style>\n<div  class='flex_column av-lrjqnwfx-8ecd26bbd122e1b38d5ac1b156f17b73 av_one_half first flex_column_div av-zero-column-padding  '     ><section  class='av_textblock_section av-lrjqjzh1-3b1b0d10534069b34abe2de4c43c4bc4 '   itemscope=\"itemscope\" itemtype=\"https:\/\/schema.org\/CreativeWork\" ><div class='avia_textblock'  itemprop=\"text\" ><h3>Parkinson<\/h3>\n<p>Es una enfermedad neurodegenerativa que afecta a las estructuras del sistema nervioso central, las cuales controlan y coordinan el movimiento, el tono muscular y postura. Los principales s\u00edntomas que provoca son:<\/p>\n<ul>\n<li>Temblores, provocando dificultades por la manipulaci\u00f3n.<\/li>\n<li>Alteraciones posturales, llevando posibles complicaciones.<\/li>\n<li>Rigidez en las extremidades, causando alteraci\u00f3n de movimiento.<\/li>\n<li>Alteraci\u00f3n de la marcha y equilibrio, pasos peque\u00f1os, bloqueo y posibles ca\u00eddas. Causa dificultades a la hora de caminar y realizar las actividades cotidianas.<\/li>\n<\/ul>\n<p>La NEUROREHABILITACI\u00d3N ayuda a mejorar la movilidad, trabaja las alteraciones posturales, de la marcha y equilibrio con la finalidad de facilitar las actividades de cada d\u00eda, por medio de ejercicio terap\u00e9utico y t\u00e9cnicas espec\u00edficas de fisioterapia.<\/p>\n<h3>Ictus<\/h3>\n<p>El ictus es una alteraci\u00f3n de la circulaci\u00f3n sangu\u00ednea del cerebro que provoca una lesi\u00f3n cerebral. Cada Ictus es diferente y las consecuencias depender\u00e1n del \u00e1rea del cerebro afectada.<\/p>\n<p>En el \u00e1mbito motor provoca debilidad en la mitad del cuerpo, provocando dificultades para mover la parte afectada, ponerse de pie y caminar.<\/p>\n<\/div><\/section><\/div><\/div><!--close flex column wrapper. Autoclose: 1 --><div class='av-column-wrapper-individual av-mobile-columns-flex av-columns-reverse'>\n<style type=\"text\/css\" data-created_by=\"avia_inline_auto\" id=\"style-css-av-e1smz-98819febfb682392e288a20e3574362e\">\n#top .flex_column.av-e1smz-98819febfb682392e288a20e3574362e{\nmargin-top:0px;\nmargin-bottom:0px;\n}\n.flex_column.av-e1smz-98819febfb682392e288a20e3574362e{\nwidth:47%;\nmargin-left:6%;\n}\n.responsive #top #wrap_all .flex_column.av-e1smz-98819febfb682392e288a20e3574362e{\nmargin-top:0px;\nmargin-bottom:0px;\n}\n<\/style>\n<div  class='flex_column av-e1smz-98819febfb682392e288a20e3574362e av_one_half flex_column_div  '     ><style type=\"text\/css\" data-created_by=\"avia_inline_auto\" id=\"style-css-av-lrkh1egb-46e67784fbc798e67d940cb2f8d648c3\">\n.avia-image-container.av-lrkh1egb-46e67784fbc798e67d940cb2f8d648c3 img.avia_image{\nbox-shadow:none;\n}\n.avia-image-container.av-lrkh1egb-46e67784fbc798e67d940cb2f8d648c3 .av-image-caption-overlay-center{\ncolor:#ffffff;\n}\n<\/style>\n<div  class='avia-image-container av-lrkh1egb-46e67784fbc798e67d940cb2f8d648c3 av-styling- avia-align-center'   itemprop=\"image\" itemscope=\"itemscope\" itemtype=\"https:\/\/schema.org\/ImageObject\" ><div class=\"avia-image-container-inner\"><div class=\"avia-image-overlay-wrap\"><img decoding=\"async\" fetchpriority=\"high\" class='wp-image-1269 avia-img-lazy-loading-not-1269 avia_image ' src=\"https:\/\/vertebral.cat\/wp-content\/uploads\/2024\/01\/senior-people-confronting-alzheimer-disease-700x700.jpg\" alt='Fisioterapia neurol\u00f3gica' title='Fisioterapia neurol\u00f3gica'  height=\"700\" width=\"700\"  itemprop=\"thumbnailUrl\" srcset=\"https:\/\/vertebral.cat\/wp-content\/uploads\/2024\/01\/senior-people-confronting-alzheimer-disease-700x700.jpg 700w, https:\/\/vertebral.cat\/wp-content\/uploads\/2024\/01\/senior-people-confronting-alzheimer-disease-80x80.jpg 80w, https:\/\/vertebral.cat\/wp-content\/uploads\/2024\/01\/senior-people-confronting-alzheimer-disease-36x36.jpg 36w\" sizes=\"(max-width: 700px) 100vw, 700px\" \/><\/div><\/div><\/div><\/div><\/div><!--close flex column wrapper. Autoclose: 1 --><div  class='flex_column av-r4tff-bb5b6976bea07c9693542f2798acb22e av_one_half first flex_column_div  '     ><style type=\"text\/css\" data-created_by=\"avia_inline_auto\" id=\"style-css-av-ij8d7-c2e00e6baaccb8419893212099b3755e\">\n.avia-image-container.av-ij8d7-c2e00e6baaccb8419893212099b3755e img.avia_image{\nbox-shadow:none;\n}\n.avia-image-container.av-ij8d7-c2e00e6baaccb8419893212099b3755e .av-image-caption-overlay-center{\ncolor:#ffffff;\n}\n<\/style>\n<div  class='avia-image-container av-ij8d7-c2e00e6baaccb8419893212099b3755e av-styling- avia-align-center'   itemprop=\"image\" itemscope=\"itemscope\" itemtype=\"https:\/\/schema.org\/ImageObject\" ><div class=\"avia-image-container-inner\"><div class=\"avia-image-overlay-wrap\"><img decoding=\"async\" fetchpriority=\"high\" class='wp-image-1270 avia-img-lazy-loading-not-1270 avia_image ' src=\"https:\/\/vertebral.cat\/wp-content\/uploads\/2024\/01\/closeup-disabled-businessman-wearing-protective-gloves-while-pushing-himself-wheelchair-700x700.jpg\" alt='Fisioterapia neurol\u00f3gica' title='Fisioterapia neurol\u00f3gica'  height=\"700\" width=\"700\"  itemprop=\"thumbnailUrl\" srcset=\"https:\/\/vertebral.cat\/wp-content\/uploads\/2024\/01\/closeup-disabled-businessman-wearing-protective-gloves-while-pushing-himself-wheelchair-700x700.jpg 700w, https:\/\/vertebral.cat\/wp-content\/uploads\/2024\/01\/closeup-disabled-businessman-wearing-protective-gloves-while-pushing-himself-wheelchair-80x80.jpg 80w, https:\/\/vertebral.cat\/wp-content\/uploads\/2024\/01\/closeup-disabled-businessman-wearing-protective-gloves-while-pushing-himself-wheelchair-36x36.jpg 36w\" sizes=\"(max-width: 700px) 100vw, 700px\" \/><\/div><\/div><\/div><\/div>\n<style type=\"text\/css\" data-created_by=\"avia_inline_auto\" id=\"style-css-av-1k5wr-cd7ee9bd55296196c479f69815796281\">\n.flex_column.av-1k5wr-cd7ee9bd55296196c479f69815796281{\npadding:0 0 0 0;\n}\n<\/style>\n<div  class='flex_column av-1k5wr-cd7ee9bd55296196c479f69815796281 av_one_half flex_column_div av-zero-column-padding  '     ><section  class='av_textblock_section av-lroo353v-60e7ebf3849af03d855b1c01320b3551 '   itemscope=\"itemscope\" itemtype=\"https:\/\/schema.org\/CreativeWork\" ><div class='avia_textblock'  itemprop=\"text\" ><h3>Esclerosis lateral amiotr\u00f3fica (ELA)<\/h3>\n<p>Es la afectaci\u00f3n de las neuronas motoras del sistema nervioso central, provocando debilidad muscular y una par\u00e1lisis progresiva del cuerpo. Tambi\u00e9n afecta a la capacidad del habla, degluci\u00f3n y respiraci\u00f3n.<\/p>\n<p>La neurorehabilitaci\u00f3n ayuda a <strong>mejorar la calidad de vida<\/strong>.<\/p>\n<h3>Esclerosis m\u00faltiple<\/h3>\n<p>Es una enfermedad que afecta al sistema nervioso central, cerebro y medula. Afecta mayoritariamente a mujeres y presenta s\u00edntomas muy variados.<\/p>\n<p>Los que la neurorehabilitaci\u00f3n puede mejorar en caso de que aparezca un BROTE son los relacionados con la movilidad y tono muscular, equilibrio y coordinaci\u00f3n y el dolor y alteraci\u00f3n de la sensibilidad.<\/p>\n<p>Se pueden crear programas de actividades para mejorar las condiciones f\u00edsicas de las personas que la sufren.<\/p>\n<\/div><\/section><\/div><div  class='flex_column av-9l3wz-2d48562ae373e58cd8d02ea711c045af av_one_half first flex_column_div  '     ><section  class='av_textblock_section av-lroo3c9e-30b43115197c0b7159919d2d130cbbf7 '   itemscope=\"itemscope\" itemtype=\"https:\/\/schema.org\/CreativeWork\" ><div class='avia_textblock'  itemprop=\"text\" ><h3>Par\u00e1lisis cerebral<\/h3>\n<p>Es una lesi\u00f3n del cerebro que provoca afectaci\u00f3n a la movilidad y postura de la persona que la sufre.<\/p>\n<p>Es un desorden permanente del tono muscular y de la sensibilidad que del cuerpo, que pudiendo ser de diferentes tipos y el grado de afectaci\u00f3n depende de cada persona.<\/p>\n<p>La neurorehabilitaci\u00f3n ayuda a controlar la postura, regular el tono y a potenciar las capacidades de cada, as\u00ed como evitar posibles complicaciones (posturales, respiratorias, etc)<\/p>\n<h3>TEA \/ Trastorno del espectro autista<\/h3>\n<p>Es una condici\u00f3n de origen neurobiol\u00f3gico que afecta a la configuraci\u00f3n del sistema nervioso y al funcionamiento cerebral.<\/p>\n<p>Pueden presentar alteraciones del esquema corporal, alta sensibilidad as\u00ed como otras afectaciones a\u00f1adidas.<\/p>\n<p>La neurorehabilitaci\u00f3n y la terapia acu\u00e1tica, as\u00ed como la hipoterapia es beneficiosa.<\/p>\n<\/div><\/section><\/div><div  class='flex_column av-b85or-aa2ea5ad8e6bad540bd0d79fbbdbbd01 av_one_half flex_column_div  '     ><style type=\"text\/css\" data-created_by=\"avia_inline_auto\" id=\"style-css-av-lrkh4crw-20beb7a7105ec9496caf22ff90632a8c\">\n.avia-image-container.av-lrkh4crw-20beb7a7105ec9496caf22ff90632a8c img.avia_image{\nbox-shadow:none;\n}\n.avia-image-container.av-lrkh4crw-20beb7a7105ec9496caf22ff90632a8c .av-image-caption-overlay-center{\ncolor:#ffffff;\n}\n<\/style>\n<div  class='avia-image-container av-lrkh4crw-20beb7a7105ec9496caf22ff90632a8c av-styling- avia-align-center'   itemprop=\"image\" itemscope=\"itemscope\" itemtype=\"https:\/\/schema.org\/ImageObject\" ><div class=\"avia-image-container-inner\"><div class=\"avia-image-overlay-wrap\"><img decoding=\"async\" fetchpriority=\"high\" class='wp-image-1262 avia-img-lazy-loading-not-1262 avia_image ' src=\"https:\/\/vertebral.cat\/wp-content\/uploads\/2024\/01\/Vertebral-Centre-de-Salut-50-700x700.jpg\" alt='centre de fisioter\u00e0pia vertebral Berga' title='centre de fisioter\u00e0pia vertebral Berga'  height=\"700\" width=\"700\"  itemprop=\"thumbnailUrl\" srcset=\"https:\/\/vertebral.cat\/wp-content\/uploads\/2024\/01\/Vertebral-Centre-de-Salut-50-700x700.jpg 700w, https:\/\/vertebral.cat\/wp-content\/uploads\/2024\/01\/Vertebral-Centre-de-Salut-50-80x80.jpg 80w, https:\/\/vertebral.cat\/wp-content\/uploads\/2024\/01\/Vertebral-Centre-de-Salut-50-36x36.jpg 36w\" sizes=\"(max-width: 700px) 100vw, 700px\" \/><\/div><\/div><\/div><\/div>\n\n<!-- wp:shortcode -->\n[av_section min_height='' min_height_pc='25' min_height_px='500px' shadow='no-border-styling' bottom_border='no-border-styling' bottom_border_diagonal_color='#333333' bottom_border_diagonal_direction='' bottom_border_style='' padding='default' custom_margin='0px' custom_margin_sync='true' av-desktop-custom_margin='' av-desktop-custom_margin_sync='true' av-medium-custom_margin='' av-medium-custom_margin_sync='true' av-small-custom_margin='' av-small-custom_margin_sync='true' av-mini-custom_margin='' av-mini-custom_margin_sync='true' svg_div_top='' svg_div_top_color='#333333' svg_div_top_width='100' svg_div_top_height='50' svg_div_top_max_height='none' svg_div_top_opacity='' svg_div_bottom='' svg_div_bottom_color='#333333' svg_div_bottom_width='100' svg_div_bottom_height='50' svg_div_bottom_max_height='none' svg_div_bottom_opacity='' fold_type='' fold_height='' fold_more='Llegir m\u00e9s' fold_less='Read less' fold_text_style='' fold_btn_align='' color='main_color' background='bg_color' custom_bg='#f0f0f0' background_gradient_direction='vertical' background_gradient_color1='#000000' background_gradient_color2='#ffffff' background_gradient_color3='' src='' attachment='' attachment_size='' attach='scroll' position='top left' repeat='no-repeat' video='' video_ratio='16:9' overlay_opacity='0.5' overlay_color='' overlay_pattern='' overlay_custom_pattern='' custom_arrow_bg='' fold_overlay_color='' fold_text_color='' fold_btn_color='theme-color' fold_btn_bg_color='' fold_btn_font_color='' size-btn-text='' av-desktop-font-size-btn-text='' av-medium-font-size-btn-text='' av-small-font-size-btn-text='' av-mini-font-size-btn-text='' fold_timer='' z_index_fold='' css_position_z_index='' av-desktop-css_position_z_index='' av-medium-css_position_z_index='' av-small-css_position_z_index='' av-mini-css_position_z_index='' id='' custom_class='' template_class='' aria_label='' av_element_hidden_in_editor='0' av_uid='av-lrowxp4c' sc_version='1.0']\n\n[av_one_half first min_height='' vertical_alignment='av-align-top' space='' row_boxshadow='' row_boxshadow_width='10' row_boxshadow_color='' custom_margin='' margin='0px' av-desktop-margin='' av-medium-margin='' av-small-margin='' av-mini-margin='' mobile_breaking='' mobile_column_order='' border='' border_style='solid' border_color='' radius='' min_col_height='' padding='' av-desktop-padding='' av-medium-padding='' av-small-padding='' av-mini-padding='' svg_div_top='' svg_div_top_color='#333333' svg_div_top_width='100' svg_div_top_height='50' svg_div_top_max_height='none' svg_div_top_flip='' svg_div_top_invert='' svg_div_top_front='' svg_div_top_opacity='' svg_div_top_preview='' svg_div_bottom='' svg_div_bottom_color='#333333' svg_div_bottom_width='100' svg_div_bottom_height='50' svg_div_bottom_max_height='none' svg_div_bottom_flip='' svg_div_bottom_invert='' svg_div_bottom_front='' svg_div_bottom_opacity='' svg_div_bottom_preview='' fold_type='' fold_height='' fold_more='Llegir m\u00e9s' fold_less='Read less' fold_text_style='' fold_btn_align='' column_boxshadow='' column_boxshadow_width='10' column_boxshadow_color='' background='bg_color' background_color='' background_gradient_direction='vertical' background_gradient_color1='#000000' background_gradient_color2='#ffffff' background_gradient_color3='' src='' background_position='top left' background_repeat='no-repeat' highlight='' highlight_size='' fold_overlay_color='' fold_text_color='' fold_btn_color='theme-color' fold_btn_bg_color='' fold_btn_font_color='' size-btn-text='' av-desktop-font-size-btn-text='' av-medium-font-size-btn-text='' av-small-font-size-btn-text='' av-mini-font-size-btn-text='' animation='' animation_duration='' animation_custom_bg_color='' animation_z_index_curtain='100' parallax_parallax='' parallax_parallax_speed='' av-desktop-parallax_parallax='' av-desktop-parallax_parallax_speed='' av-medium-parallax_parallax='' av-medium-parallax_parallax_speed='' av-small-parallax_parallax='' av-small-parallax_parallax_speed='' av-mini-parallax_parallax='' av-mini-parallax_parallax_speed='' fold_timer='' z_index_fold='' css_position='' css_position_location='' css_position_z_index='' av-desktop-css_position='' av-desktop-css_position_location='' av-desktop-css_position_z_index='' av-medium-css_position='' av-medium-css_position_location='' av-medium-css_position_z_index='' av-small-css_position='' av-small-css_position_location='' av-small-css_position_z_index='' av-mini-css_position='' av-mini-css_position_location='' av-mini-css_position_z_index='' link='' linktarget='' link_hover='' title_attr='' alt_attr='' mobile_display='' mobile_col_pos='0' id='' custom_class='' template_class='' aria_label='' av_uid='av-4mojib' sc_version='1.0']\n\n[av_heading heading='\u00a1Recupera tu vitalidad y bienestar!' tag='h2' style='blockquote modern-quote' subheading_active='' show_icon='' icon='ue800' font='entypo-fontello' size='' av-desktop-font-size-title='' av-medium-font-size-title='' av-small-font-size-title='' av-mini-font-size-title='' subheading_size='' av-desktop-font-size='' av-medium-font-size='' av-small-font-size='' av-mini-font-size='' icon_size='' av-desktop-font-size-1='' av-medium-font-size-1='' av-small-font-size-1='' av-mini-font-size-1='' color='' custom_font='' subheading_color='' seperator_color='' icon_color='' margin='' margin_sync='true' av-desktop-margin='' av-desktop-margin_sync='true' av-medium-margin='' av-medium-margin_sync='true' av-small-margin='' av-small-margin_sync='true' av-mini-margin='' av-mini-margin_sync='true' headline_padding='' headline_padding_sync='true' av-desktop-headline_padding='' av-desktop-headline_padding_sync='true' av-medium-headline_padding='' av-medium-headline_padding_sync='true' av-small-headline_padding='' av-small-headline_padding_sync='true' av-mini-headline_padding='' av-mini-headline_padding_sync='true' padding='10' av-desktop-padding='' av-medium-padding='' av-small-padding='' av-mini-padding='' icon_padding='10' av-desktop-icon_padding='' av-medium-icon_padding='' av-small-icon_padding='' av-mini-icon_padding='' link='' link_target='' id='' custom_class='' template_class='' av_uid='av-lrowzj2y' sc_version='1.0' admin_preview_bg=''][\/av_heading]\n\n[av_textblock fold_type='' fold_height='' fold_more='Llegir m\u00e9s' fold_less='Read less' fold_text_style='' fold_btn_align='' textblock_styling_align='' textblock_styling='' textblock_styling_gap='' textblock_styling_mobile='' size='' av-desktop-font-size='' av-medium-font-size='' av-small-font-size='' av-mini-font-size='' font_color='' color='' fold_overlay_color='' fold_text_color='' fold_btn_color='theme-color' fold_btn_bg_color='' fold_btn_font_color='' size-btn-text='' av-desktop-font-size-btn-text='' av-medium-font-size-btn-text='' av-small-font-size-btn-text='' av-mini-font-size-btn-text='' fold_timer='' z_index_fold='' id='' custom_class='' template_class='' av_uid='av-lrowyod7' sc_version='1.0' admin_preview_bg='']\nConcerta una visita y descubre c\u00f3mo la fisioterapia puede mejorar tu calidad de vida.\n[\/av_textblock]\n\n[\/av_one_half][av_one_half min_height='' vertical_alignment='av-align-top' space='' row_boxshadow='' row_boxshadow_width='10' row_boxshadow_color='' custom_margin='' margin='0px' av-desktop-margin='' av-medium-margin='' av-small-margin='' av-mini-margin='' mobile_breaking='' mobile_column_order='' border='' border_style='solid' border_color='' radius='' min_col_height='' padding='' av-desktop-padding='' av-medium-padding='' av-small-padding='' av-mini-padding='' svg_div_top='' svg_div_top_color='#333333' svg_div_top_width='100' svg_div_top_height='50' svg_div_top_max_height='none' svg_div_top_flip='' svg_div_top_invert='' svg_div_top_front='' svg_div_top_opacity='' svg_div_top_preview='' svg_div_bottom='' svg_div_bottom_color='#333333' svg_div_bottom_width='100' svg_div_bottom_height='50' svg_div_bottom_max_height='none' svg_div_bottom_flip='' svg_div_bottom_invert='' svg_div_bottom_front='' svg_div_bottom_opacity='' svg_div_bottom_preview='' fold_type='' fold_height='' fold_more='Llegir m\u00e9s' fold_less='Read less' fold_text_style='' fold_btn_align='' column_boxshadow='' column_boxshadow_width='10' column_boxshadow_color='' background='bg_color' background_color='' background_gradient_direction='vertical' background_gradient_color1='#000000' background_gradient_color2='#ffffff' background_gradient_color3='' src='' background_position='top left' background_repeat='no-repeat' highlight='' highlight_size='' fold_overlay_color='' fold_text_color='' fold_btn_color='theme-color' fold_btn_bg_color='' fold_btn_font_color='' size-btn-text='' av-desktop-font-size-btn-text='' av-medium-font-size-btn-text='' av-small-font-size-btn-text='' av-mini-font-size-btn-text='' animation='' animation_duration='' animation_custom_bg_color='' animation_z_index_curtain='100' parallax_parallax='' parallax_parallax_speed='' av-desktop-parallax_parallax='' av-desktop-parallax_parallax_speed='' av-medium-parallax_parallax='' av-medium-parallax_parallax_speed='' av-small-parallax_parallax='' av-small-parallax_parallax_speed='' av-mini-parallax_parallax='' av-mini-parallax_parallax_speed='' fold_timer='' z_index_fold='' css_position='' css_position_location='' css_position_z_index='' av-desktop-css_position='' av-desktop-css_position_location='' av-desktop-css_position_z_index='' av-medium-css_position='' av-medium-css_position_location='' av-medium-css_position_z_index='' av-small-css_position='' av-small-css_position_location='' av-small-css_position_z_index='' av-mini-css_position='' av-mini-css_position_location='' av-mini-css_position_z_index='' link='' linktarget='' link_hover='' title_attr='' alt_attr='' mobile_display='' mobile_col_pos='0' id='' custom_class='' template_class='' aria_label='' av_uid='av-2zl203' sc_version='1.0']\n\n[av_contact title='' button='Enviar' on_send='' sent='\u00a1Tu mensaje se ha enviado!' link='manually,http:\/\/' with_errors='' captcha='recaptcha_v3' captcha_theme='light' captcha_size='normal' captcha_score='0.5' email='info@ergates.net, vertebral@vertebralfisio.com' from_email='' subject='' autoresponder_email='info@ergates.net' autoresponder_reply_to='' autoresponder_subject='' autorespond='' autorespond_after='' hide_labels='aviaTBhide_labels' form_align='' color='' heading_tag='' heading_class='' alb_description='' id='' custom_class='' template_class='' aria_label='' av_uid='av-lrox25ci' sc_version='1.0' admin_preview_bg='']\n[av_contact_field label='Nombre' type='text' check='is_empty' options='' multi_select='' av_contact_preselect='' element_display='' width='' headline_tag='h3' av_uid='av-2ejt2v' sc_version='1.0'][\/av_contact_field]\n[av_contact_field type='text' label='Correo electr\u00f3nico' options='' check='is_email' element_display='' width='element_half' headline_tag='h3' av_uid='av-lrox02tw' sc_version='1.0' multi_select='' av_contact_preselect=''][\/av_contact_field]\n[av_contact_field type='text' label='Tel\u00e9fono' options='' check='is_phone' element_display='' width='element_half' headline_tag='h3' av_uid='av-lrox1gw4' sc_version='1.0' multi_select='' av_contact_preselect=''][\/av_contact_field]\n[av_contact_field type='text' label='Mensaje' options='' check='is_empty' element_display='' width='' headline_tag='h3' av_uid='av-lrox20yi' sc_version='1.0' multi_select='' av_contact_preselect=''][\/av_contact_field]\n[\/av_contact]\n\n[\/av_one_half][\/av_section]\n<!-- \/wp:shortcode -->\n","protected":false},"excerpt":{"rendered":"","protected":false},"author":3,"featured_media":0,"parent":1641,"menu_order":0,"comment_status":"closed","ping_status":"closed","template":"","meta":{"footnotes":""},"class_list":["post-1286","page","type-page","status-publish","hentry"],"yoast_head":"<!-- This site is optimized with the Yoast SEO plugin v27.5 - https:\/\/yoast.com\/product\/yoast-seo-wordpress\/ -->\n<title>Fisioterapia neurol\u00f3gica en Berga - Movilidad y calidad de vida<\/title>\n<meta name=\"description\" content=\"Ayuda especializada para afecciones neurol\u00f3gicas como ictus o Parkinson. Atenci\u00f3n profesional en el Bergued\u00e0.\" \/>\n<meta name=\"robots\" content=\"index, follow, max-snippet:-1, max-image-preview:large, max-video-preview:-1\" \/>\n<link rel=\"canonical\" href=\"https:\/\/vertebral.cat\/es\/fisioterapia\/fisioterapia-neurologica\/\" \/>\n<meta property=\"og:locale\" content=\"es_ES\" \/>\n<meta property=\"og:type\" content=\"article\" \/>\n<meta property=\"og:title\" content=\"Fisioterapia neurol\u00f3gica en Berga - Movilidad y calidad de vida\" \/>\n<meta property=\"og:description\" content=\"Ayuda especializada para afecciones neurol\u00f3gicas como ictus o Parkinson. Atenci\u00f3n profesional en el Bergued\u00e0.\" \/>\n<meta property=\"og:url\" content=\"https:\/\/vertebral.cat\/es\/fisioterapia\/fisioterapia-neurologica\/\" \/>\n<meta property=\"og:site_name\" content=\"Vertebral Fisioter\u00e0pia\" \/>\n<meta property=\"article:modified_time\" content=\"2024-11-19T12:09:20+00:00\" \/>\n<meta name=\"twitter:card\" content=\"summary_large_image\" \/>\n<meta name=\"twitter:label1\" content=\"Tiempo de lectura\" \/>\n\t<meta name=\"twitter:data1\" content=\"7 minutos\" \/>\n<script type=\"application\/ld+json\" class=\"yoast-schema-graph\">{\"@context\":\"https:\\\/\\\/schema.org\",\"@graph\":[{\"@type\":\"WebPage\",\"@id\":\"https:\\\/\\\/vertebral.cat\\\/es\\\/fisioterapia\\\/fisioterapia-neurologica\\\/\",\"url\":\"https:\\\/\\\/vertebral.cat\\\/es\\\/fisioterapia\\\/fisioterapia-neurologica\\\/\",\"name\":\"Fisioterapia neurol\u00f3gica en Berga - Movilidad y calidad de vida\",\"isPartOf\":{\"@id\":\"https:\\\/\\\/vertebral.cat\\\/#website\"},\"datePublished\":\"2024-01-25T12:36:55+00:00\",\"dateModified\":\"2024-11-19T12:09:20+00:00\",\"description\":\"Ayuda especializada para afecciones neurol\u00f3gicas como ictus o Parkinson. Atenci\u00f3n profesional en el Bergued\u00e0.\",\"breadcrumb\":{\"@id\":\"https:\\\/\\\/vertebral.cat\\\/es\\\/fisioterapia\\\/fisioterapia-neurologica\\\/#breadcrumb\"},\"inLanguage\":\"es\",\"potentialAction\":[{\"@type\":\"ReadAction\",\"target\":[\"https:\\\/\\\/vertebral.cat\\\/es\\\/fisioterapia\\\/fisioterapia-neurologica\\\/\"]}]},{\"@type\":\"BreadcrumbList\",\"@id\":\"https:\\\/\\\/vertebral.cat\\\/es\\\/fisioterapia\\\/fisioterapia-neurologica\\\/#breadcrumb\",\"itemListElement\":[{\"@type\":\"ListItem\",\"position\":1,\"name\":\"Inici\",\"item\":\"https:\\\/\\\/vertebral.cat\\\/es\\\/inicio\\\/\"},{\"@type\":\"ListItem\",\"position\":2,\"name\":\"Fisioterapia\",\"item\":\"https:\\\/\\\/vertebral.cat\\\/es\\\/fisioterapia\\\/\"},{\"@type\":\"ListItem\",\"position\":3,\"name\":\"Fisioterapia neurol\u00f3gica\"}]},{\"@type\":\"WebSite\",\"@id\":\"https:\\\/\\\/vertebral.cat\\\/#website\",\"url\":\"https:\\\/\\\/vertebral.cat\\\/\",\"name\":\"Vertebral Fisioter\u00e0pia\",\"description\":\"Fisioter\u00e0pia i centre de salut a Berga\",\"potentialAction\":[{\"@type\":\"SearchAction\",\"target\":{\"@type\":\"EntryPoint\",\"urlTemplate\":\"https:\\\/\\\/vertebral.cat\\\/?s={search_term_string}\"},\"query-input\":{\"@type\":\"PropertyValueSpecification\",\"valueRequired\":true,\"valueName\":\"search_term_string\"}}],\"inLanguage\":\"es\"}]}<\/script>\n<!-- \/ Yoast SEO plugin. -->","yoast_head_json":{"title":"Fisioterapia neurol\u00f3gica en Berga - Movilidad y calidad de vida","description":"Ayuda especializada para afecciones neurol\u00f3gicas como ictus o Parkinson. Atenci\u00f3n profesional en el Bergued\u00e0.","robots":{"index":"index","follow":"follow","max-snippet":"max-snippet:-1","max-image-preview":"max-image-preview:large","max-video-preview":"max-video-preview:-1"},"canonical":"https:\/\/vertebral.cat\/es\/fisioterapia\/fisioterapia-neurologica\/","og_locale":"es_ES","og_type":"article","og_title":"Fisioterapia neurol\u00f3gica en Berga - Movilidad y calidad de vida","og_description":"Ayuda especializada para afecciones neurol\u00f3gicas como ictus o Parkinson. Atenci\u00f3n profesional en el Bergued\u00e0.","og_url":"https:\/\/vertebral.cat\/es\/fisioterapia\/fisioterapia-neurologica\/","og_site_name":"Vertebral Fisioter\u00e0pia","article_modified_time":"2024-11-19T12:09:20+00:00","twitter_card":"summary_large_image","twitter_misc":{"Tiempo de lectura":"7 minutos"},"schema":{"@context":"https:\/\/schema.org","@graph":[{"@type":"WebPage","@id":"https:\/\/vertebral.cat\/es\/fisioterapia\/fisioterapia-neurologica\/","url":"https:\/\/vertebral.cat\/es\/fisioterapia\/fisioterapia-neurologica\/","name":"Fisioterapia neurol\u00f3gica en Berga - Movilidad y calidad de vida","isPartOf":{"@id":"https:\/\/vertebral.cat\/#website"},"datePublished":"2024-01-25T12:36:55+00:00","dateModified":"2024-11-19T12:09:20+00:00","description":"Ayuda especializada para afecciones neurol\u00f3gicas como ictus o Parkinson. Atenci\u00f3n profesional en el Bergued\u00e0.","breadcrumb":{"@id":"https:\/\/vertebral.cat\/es\/fisioterapia\/fisioterapia-neurologica\/#breadcrumb"},"inLanguage":"es","potentialAction":[{"@type":"ReadAction","target":["https:\/\/vertebral.cat\/es\/fisioterapia\/fisioterapia-neurologica\/"]}]},{"@type":"BreadcrumbList","@id":"https:\/\/vertebral.cat\/es\/fisioterapia\/fisioterapia-neurologica\/#breadcrumb","itemListElement":[{"@type":"ListItem","position":1,"name":"Inici","item":"https:\/\/vertebral.cat\/es\/inicio\/"},{"@type":"ListItem","position":2,"name":"Fisioterapia","item":"https:\/\/vertebral.cat\/es\/fisioterapia\/"},{"@type":"ListItem","position":3,"name":"Fisioterapia neurol\u00f3gica"}]},{"@type":"WebSite","@id":"https:\/\/vertebral.cat\/#website","url":"https:\/\/vertebral.cat\/","name":"Vertebral Fisioter\u00e0pia","description":"Fisioter\u00e0pia i centre de salut a Berga","potentialAction":[{"@type":"SearchAction","target":{"@type":"EntryPoint","urlTemplate":"https:\/\/vertebral.cat\/?s={search_term_string}"},"query-input":{"@type":"PropertyValueSpecification","valueRequired":true,"valueName":"search_term_string"}}],"inLanguage":"es"}]}},"_links":{"self":[{"href":"https:\/\/vertebral.cat\/es\/wp-json\/wp\/v2\/pages\/1286","targetHints":{"allow":["GET"]}}],"collection":[{"href":"https:\/\/vertebral.cat\/es\/wp-json\/wp\/v2\/pages"}],"about":[{"href":"https:\/\/vertebral.cat\/es\/wp-json\/wp\/v2\/types\/page"}],"author":[{"embeddable":true,"href":"https:\/\/vertebral.cat\/es\/wp-json\/wp\/v2\/users\/3"}],"replies":[{"embeddable":true,"href":"https:\/\/vertebral.cat\/es\/wp-json\/wp\/v2\/comments?post=1286"}],"version-history":[{"count":6,"href":"https:\/\/vertebral.cat\/es\/wp-json\/wp\/v2\/pages\/1286\/revisions"}],"predecessor-version":[{"id":1729,"href":"https:\/\/vertebral.cat\/es\/wp-json\/wp\/v2\/pages\/1286\/revisions\/1729"}],"up":[{"embeddable":true,"href":"https:\/\/vertebral.cat\/es\/wp-json\/wp\/v2\/pages\/1641"}],"wp:attachment":[{"href":"https:\/\/vertebral.cat\/es\/wp-json\/wp\/v2\/media?parent=1286"}],"curies":[{"name":"wp","href":"https:\/\/api.w.org\/{rel}","templated":true}]}}